
{"id":3472,"date":"2016-11-10T09:37:12","date_gmt":"2016-11-10T08:37:12","guid":{"rendered":"https:\/\/www.mdminteriorismo.es\/oldweb\/?page_id=3472"},"modified":"2017-06-25T00:33:00","modified_gmt":"2017-06-24T23:33:00","slug":"muebles-bano","status":"publish","type":"page","link":"https:\/\/www.mdminteriorismo.es\/oldweb\/muebles-bano\/","title":{"rendered":"MUEBLES DE BA\u00d1O"},"content":{"rendered":"<section class=\"wpb-content-wrapper\"><p>[vc_row][vc_column][vc_column_text]<div id=\"69f4e124b031b\" class=\"gg_gallery_wrap gg_true_gallery gg_standard_gallery gid_11971 gg_both_ol gg_ol_bottom_mode gg_main_ol_always_shown \"  data-gid=\"11971\" data-nores-txt=\"No images found\">              <div class=\"gg_loader\">            <div class=\"ggl_1\"><\/div>            <div class=\"ggl_2\"><\/div>            <div class=\"ggl_3\"><\/div>            <div class=\"ggl_4\"><\/div>        <\/div>  <div class=\"gg_container\"><div class=\"gg_img \" data-gg-url=\"https:\/\/www.mdminteriorismo.es\/oldweb\/wp-content\/uploads\/2020\/04\/reformas_de_ban\u0303os_Valencia-scaled.jpg\" data-gg-title=\"Mueble de ba\u00f1o 1\" data-gg-author=\"\" data-gg-descr=\"\" data-gg-tags=\"\" data-img-id=\"0\" data-gid=\"11971\">  <div class=\"gg_img_inner\"><div class=\"gg_main_img_wrap\"><img src=\"\" data-gg-lazy-src=\"\/\/www.mdminteriorismo.es\/oldweb\/wp-content\/uploads\/ewpt_cache\/525x350_100_1_c_FFFFFF_c12639270ed2871b2b96e4492a6457b6.jpg\" alt=\"Mueble de ba\u00f1o 1\" class=\"gg_photo gg_main_thumb\" \/><noscript><img src=\"https:\/\/www.mdminteriorismo.es\/oldweb\/wp-content\/uploads\/2020\/04\/reformas_de_ban\u0303os_Valencia-scaled.jpg\" alt=\"Mueble de ba\u00f1o 1\" \/><\/noscript><\/div><div class=\"gg_overlays\"><div class=\"gg_sec_overlay gg_tl_pos\"><span><\/span><\/div><div class=\"gg_main_overlay\"><span class=\"gg_img_title\">Mueble de ba\u00f1o 1<\/span><\/div><\/div><\/div><\/div><div class=\"gg_img \" data-gg-url=\"https:\/\/www.mdminteriorismo.es\/oldweb\/wp-content\/uploads\/2020\/04\/reforma_ban\u0303o-scaled.jpg\" data-gg-title=\"Mueble de ba\u00f1o 2\" data-gg-author=\"\" data-gg-descr=\"\" data-gg-tags=\"\" data-img-id=\"1\" data-gid=\"11971\">  <div class=\"gg_img_inner\"><div class=\"gg_main_img_wrap\"><img src=\"\" data-gg-lazy-src=\"\/\/www.mdminteriorismo.es\/oldweb\/wp-content\/uploads\/ewpt_cache\/525x350_100_1_c_FFFFFF_7e2989f4febbefb13f93dd60cf2505e1.jpg\" alt=\"Mueble de ba\u00f1o 2\" class=\"gg_photo gg_main_thumb\" \/><noscript><img src=\"https:\/\/www.mdminteriorismo.es\/oldweb\/wp-content\/uploads\/2020\/04\/reforma_ban\u0303o-scaled.jpg\" alt=\"Mueble de ba\u00f1o 2\" \/><\/noscript><\/div><div class=\"gg_overlays\"><div class=\"gg_sec_overlay gg_tl_pos\"><span><\/span><\/div><div class=\"gg_main_overlay\"><span class=\"gg_img_title\">Mueble de ba\u00f1o 2<\/span><\/div><\/div><\/div><\/div><div class=\"gg_img \" data-gg-url=\"https:\/\/www.mdminteriorismo.es\/oldweb\/wp-content\/uploads\/2020\/04\/reforma_ban\u0303o_Valencia-scaled.jpg\" data-gg-title=\"Mueble de ba\u00f1o 3\" data-gg-author=\"\" data-gg-descr=\"\" data-gg-tags=\"\" data-img-id=\"2\" data-gid=\"11971\">  <div class=\"gg_img_inner\"><div class=\"gg_main_img_wrap\"><img src=\"\" data-gg-lazy-src=\"\/\/www.mdminteriorismo.es\/oldweb\/wp-content\/uploads\/ewpt_cache\/525x350_100_1_c_FFFFFF_2bfe79eb8576224316f908f6c957b574.jpg\" alt=\"Mueble de ba\u00f1o 3\" class=\"gg_photo gg_main_thumb\" \/><noscript><img src=\"https:\/\/www.mdminteriorismo.es\/oldweb\/wp-content\/uploads\/2020\/04\/reforma_ban\u0303o_Valencia-scaled.jpg\" alt=\"Mueble de ba\u00f1o 3\" \/><\/noscript><\/div><div class=\"gg_overlays\"><div class=\"gg_sec_overlay gg_tl_pos\"><span><\/span><\/div><div class=\"gg_main_overlay\"><span class=\"gg_img_title\">Mueble de ba\u00f1o 3<\/span><\/div><\/div><\/div><\/div><div class=\"gg_img \" data-gg-url=\"https:\/\/www.mdminteriorismo.es\/oldweb\/wp-content\/uploads\/2020\/04\/mamparas_de_ducha-scaled.jpg\" data-gg-title=\"Mueble de ba\u00f1o 4\" data-gg-author=\"\" data-gg-descr=\"\" data-gg-tags=\"\" data-img-id=\"3\" data-gid=\"11971\">  <div class=\"gg_img_inner\"><div class=\"gg_main_img_wrap\"><img src=\"\" data-gg-lazy-src=\"\/\/www.mdminteriorismo.es\/oldweb\/wp-content\/uploads\/ewpt_cache\/525x350_100_1_c_FFFFFF_df03157f032c426bdd0452740c3f69ee.jpg\" alt=\"Mueble de ba\u00f1o 4\" class=\"gg_photo gg_main_thumb\" \/><noscript><img src=\"https:\/\/www.mdminteriorismo.es\/oldweb\/wp-content\/uploads\/2020\/04\/mamparas_de_ducha-scaled.jpg\" alt=\"Mueble de ba\u00f1o 4\" \/><\/noscript><\/div><div class=\"gg_overlays\"><div class=\"gg_sec_overlay gg_tl_pos\"><span><\/span><\/div><div class=\"gg_main_overlay\"><span class=\"gg_img_title\">Mueble de ba\u00f1o 4<\/span><\/div><\/div><\/div><\/div><div class=\"gg_img \" data-gg-url=\"https:\/\/www.mdminteriorismo.es\/oldweb\/wp-content\/uploads\/2020\/04\/mamparas_de_ducha_Valencia-scaled.jpg\" data-gg-title=\"Mueble de ba\u00f1o 5\" data-gg-author=\"\" data-gg-descr=\"\" data-gg-tags=\"\" data-img-id=\"4\" data-gid=\"11971\">  <div class=\"gg_img_inner\"><div class=\"gg_main_img_wrap\"><img src=\"\" data-gg-lazy-src=\"\/\/www.mdminteriorismo.es\/oldweb\/wp-content\/uploads\/ewpt_cache\/525x350_100_1_c_FFFFFF_8f3fafa17dd83792bf35e48e9e329357.jpg\" alt=\"Mueble de ba\u00f1o 5\" class=\"gg_photo gg_main_thumb\" \/><noscript><img src=\"https:\/\/www.mdminteriorismo.es\/oldweb\/wp-content\/uploads\/2020\/04\/mamparas_de_ducha_Valencia-scaled.jpg\" alt=\"Mueble de ba\u00f1o 5\" \/><\/noscript><\/div><div class=\"gg_overlays\"><div class=\"gg_sec_overlay gg_tl_pos\"><span><\/span><\/div><div class=\"gg_main_overlay\"><span class=\"gg_img_title\">Mueble de ba\u00f1o 5<\/span><\/div><\/div><\/div><\/div><div class=\"gg_img \" data-gg-url=\"https:\/\/www.mdminteriorismo.es\/oldweb\/wp-content\/uploads\/2020\/04\/mamparas_de_ban\u0303o_Valencia-scaled.jpg\" data-gg-title=\"Mueble de ba\u00f1o 6\" data-gg-author=\"\" data-gg-descr=\"\" data-gg-tags=\"\" data-img-id=\"5\" data-gid=\"11971\">  <div class=\"gg_img_inner\"><div class=\"gg_main_img_wrap\"><img src=\"\" data-gg-lazy-src=\"\/\/www.mdminteriorismo.es\/oldweb\/wp-content\/uploads\/ewpt_cache\/525x350_100_1_c_FFFFFF_22d4a9ad05561f093b1cdbd9ffc91bac.jpg\" alt=\"Mueble de ba\u00f1o 6\" class=\"gg_photo gg_main_thumb\" \/><noscript><img src=\"https:\/\/www.mdminteriorismo.es\/oldweb\/wp-content\/uploads\/2020\/04\/mamparas_de_ban\u0303o_Valencia-scaled.jpg\" alt=\"Mueble de ba\u00f1o 6\" \/><\/noscript><\/div><div class=\"gg_overlays\"><div class=\"gg_sec_overlay gg_tl_pos\"><span><\/span><\/div><div class=\"gg_main_overlay\"><span class=\"gg_img_title\">Mueble de ba\u00f1o 6<\/span><\/div><\/div><\/div><\/div><div class=\"gg_img \" data-gg-url=\"https:\/\/www.mdminteriorismo.es\/oldweb\/wp-content\/uploads\/2020\/04\/mampara_ducha-scaled.jpg\" data-gg-title=\"Mueble de ba\u00f1o 7\" data-gg-author=\"\" data-gg-descr=\"\" data-gg-tags=\"\" data-img-id=\"6\" data-gid=\"11971\">  <div class=\"gg_img_inner\"><div class=\"gg_main_img_wrap\"><img src=\"\" data-gg-lazy-src=\"\/\/www.mdminteriorismo.es\/oldweb\/wp-content\/uploads\/ewpt_cache\/525x350_100_1_c_FFFFFF_9906c6af2e082cfc6f686e01fa13ffa6.jpg\" alt=\"Mueble de ba\u00f1o 7\" class=\"gg_photo gg_main_thumb\" \/><noscript><img src=\"https:\/\/www.mdminteriorismo.es\/oldweb\/wp-content\/uploads\/2020\/04\/mampara_ducha-scaled.jpg\" alt=\"Mueble de ba\u00f1o 7\" \/><\/noscript><\/div><div class=\"gg_overlays\"><div class=\"gg_sec_overlay gg_tl_pos\"><span><\/span><\/div><div class=\"gg_main_overlay\"><span class=\"gg_img_title\">Mueble de ba\u00f1o 7<\/span><\/div><\/div><\/div><\/div><div class=\"gg_img \" data-gg-url=\"https:\/\/www.mdminteriorismo.es\/oldweb\/wp-content\/uploads\/2020\/04\/mampara_ducha_Valencia-scaled.jpg\" data-gg-title=\"Mueble de ba\u00f1o 8\" data-gg-author=\"\" data-gg-descr=\"\" data-gg-tags=\"\" data-img-id=\"7\" data-gid=\"11971\">  <div class=\"gg_img_inner\"><div class=\"gg_main_img_wrap\"><img src=\"\" data-gg-lazy-src=\"\/\/www.mdminteriorismo.es\/oldweb\/wp-content\/uploads\/ewpt_cache\/525x350_100_1_c_FFFFFF_32efb44b2263b9289e06d22738961df2.jpg\" alt=\"Mueble de ba\u00f1o 8\" class=\"gg_photo gg_main_thumb\" \/><noscript><img src=\"https:\/\/www.mdminteriorismo.es\/oldweb\/wp-content\/uploads\/2020\/04\/mampara_ducha_Valencia-scaled.jpg\" alt=\"Mueble de ba\u00f1o 8\" \/><\/noscript><\/div><div class=\"gg_overlays\"><div class=\"gg_sec_overlay gg_tl_pos\"><span><\/span><\/div><div class=\"gg_main_overlay\"><span class=\"gg_img_title\">Mueble de ba\u00f1o 8<\/span><\/div><\/div><\/div><\/div><div class=\"gg_img \" data-gg-url=\"https:\/\/www.mdminteriorismo.es\/oldweb\/wp-content\/uploads\/2020\/04\/mampara_ban\u0303era_Valencia-scaled.jpg\" data-gg-title=\"Mueble de ba\u00f1o 9\" data-gg-author=\"\" data-gg-descr=\"\" data-gg-tags=\"\" data-img-id=\"8\" data-gid=\"11971\">  <div class=\"gg_img_inner\"><div class=\"gg_main_img_wrap\"><img src=\"\" data-gg-lazy-src=\"\/\/www.mdminteriorismo.es\/oldweb\/wp-content\/uploads\/ewpt_cache\/525x350_100_1_c_FFFFFF_6bf467958074679ee0ced9d6ce950d76.jpg\" alt=\"Mueble de ba\u00f1o 9\" class=\"gg_photo gg_main_thumb\" \/><noscript><img src=\"https:\/\/www.mdminteriorismo.es\/oldweb\/wp-content\/uploads\/2020\/04\/mampara_ban\u0303era_Valencia-scaled.jpg\" alt=\"Mueble de ba\u00f1o 9\" \/><\/noscript><\/div><div class=\"gg_overlays\"><div class=\"gg_sec_overlay gg_tl_pos\"><span><\/span><\/div><div class=\"gg_main_overlay\"><span class=\"gg_img_title\">Mueble de ba\u00f1o 9<\/span><\/div><\/div><\/div><\/div><div class=\"gg_img \" data-gg-url=\"https:\/\/www.mdminteriorismo.es\/oldweb\/wp-content\/uploads\/2020\/04\/lavabo_Valencia-scaled.jpg\" data-gg-title=\"Mueble de ba\u00f1o 10\" data-gg-author=\"\" data-gg-descr=\"\" data-gg-tags=\"\" data-img-id=\"9\" data-gid=\"11971\">  <div class=\"gg_img_inner\"><div class=\"gg_main_img_wrap\"><img src=\"\" data-gg-lazy-src=\"\/\/www.mdminteriorismo.es\/oldweb\/wp-content\/uploads\/ewpt_cache\/525x350_100_1_c_FFFFFF_25855d28ab4feedb97b79018a2ae3934.jpg\" alt=\"Mueble de ba\u00f1o 10\" class=\"gg_photo gg_main_thumb\" \/><noscript><img src=\"https:\/\/www.mdminteriorismo.es\/oldweb\/wp-content\/uploads\/2020\/04\/lavabo_Valencia-scaled.jpg\" alt=\"Mueble de ba\u00f1o 10\" \/><\/noscript><\/div><div class=\"gg_overlays\"><div class=\"gg_sec_overlay gg_tl_pos\"><span><\/span><\/div><div class=\"gg_main_overlay\"><span class=\"gg_img_title\">Mueble de ba\u00f1o 10<\/span><\/div><\/div><\/div><\/div><\/div><div class=\"gg_paginate gg_pag_light\" gg-random=\"0\" data-gg-totpages=\"4\"><div class=\"gg_infinite_scroll \"><div class=\"gg_nav_left\"><\/div><div class=\"gg_nav_mid\"><span>ver m\u00e1s<\/span><\/div><div class=\"gg_nav_right\"><\/div><\/div><\/div><div style=\"clear: both;\"><\/div><\/div><script type=\"text\/javascript\"> (function() {             \"use strict\";                          if(typeof(gg_pag_vars) == \"undefined\") {                window.gg_pag_vars = {};            }            gg_pag_vars[\"69f4e124b031b\"] = {                per_page: 10,                pagination_sys: \"inf_scroll\",                watermark : 0,                random_trail : \"false\",                wp_gall_hash: \"\"            };        })();<\/script><script type=\"text\/javascript\">     (function() {         \"use strict\";              const intval = setInterval(() => {            if(typeof(jQuery) == \"undefined\" || typeof(gg_galleries_init) == \"undefined\") {                return true;            }            else {                clearTimeout(intval);                            const $ = jQuery;                gg_galleries_init(\"69f4e124b031b\");            }        }, 50);    })();<\/script>[\/vc_column_text][\/vc_column][\/vc_row][vc_row][vc_column][vc_column_text]<\/p>\n<p style=\"text-align: justify;\">Nuestros ba\u00f1os suelen ser una estancia bastante requerida a lo largo del d\u00eda, pues en ella podemos relajarnos tras un gran d\u00eda, pudiendo liberar las tensiones de un d\u00eda de rutina duro, etc. Buscando la tranquilidad a la vez que la funcionalidad del espacio.<\/p>\n<p style=\"text-align: justify;\">Por ello, y tras un exhaustivo estudio de las zonas m\u00e1s \u00edntimas de la casa, podemos aportar un toque de diferencia introduciendo un mueble de ba\u00f1o diferente, exclusivo, con un dise\u00f1o personal a la vez que funcional.<\/p>\n<p style=\"text-align: justify;\">En la tienda de<strong> muebles mdm interiorismo<\/strong> ofrecemos todo lo anterior gracias a una gran colecci\u00f3n de <strong>muebles\u00a0de ba\u00f1o <\/strong>en el que se combina el material, el color y la textura, para que todo ello aporte un toque de relajaci\u00f3n cuando nos disponemos a hacer servir nuestro espacio m\u00e1s \u00edntimo, quedando todo perfectamente adecuado a nuestro contacto visual.<\/p>\n<p style=\"text-align: justify;\">Por ello mdm interiorismo dispone de gran variedad de mobiliario, con diversidad de almacenaje seg\u00fan las necesidades de cada cliente.<\/p>\n<p style=\"text-align: justify;\">Nos encontramos <strong>muebles de ba\u00f1o<\/strong> peque\u00f1os, con un dise\u00f1o compacto que acompa\u00f1a al espacio, sin causar agobios al entrar. O por el contrario, existe mobiliario m\u00e1s grande, sin perder el dise\u00f1o, que puede estar compuesto por dos lavamanos en una misma encimera, con un compartimento diferencial para poder aprovechas al m\u00e1ximo cada parte de \u00e9l.<\/p>\n<p style=\"text-align: justify;\">La tienda de <strong>muebles mdm interiorismo<\/strong>, aporta a su espacio m\u00e1s \u00edntimo el mobiliario m\u00e1s ajustado a su espacio, con elecci\u00f3n de diversidad de material, acabados e infinidad de colores que aportaran a dicha zona elegancia y funcionalidad para toda la familia. Todo ello garantizado por los profesionales de los que dispone la tienda de <strong>muebles en Valencia<\/strong>, mdm interiorismo, que trabajan \u00fanicamente para que sus clientes disfruten plenamente de todas y cada una de sus estancias dise\u00f1adas.<\/p>\n<p>[\/vc_column_text][\/vc_column][\/vc_row]<\/p>\n<\/section>","protected":false},"excerpt":{"rendered":"<p>[vc_row][vc_column][vc_column_text][\/vc_column_text][\/vc_column][\/vc_row][vc_row][vc_column][vc_column_text] Nuestros ba\u00f1os suelen ser una estancia bastante requerida a lo largo del d\u00eda, pues en ella podemos relajarnos tras <a class=\"tzreadmore simple-ajax-popup-align-top\" href=\"https:\/\/www.mdminteriorismo.es\/oldweb\/muebles-bano\/\">Read More<\/a><\/p>\n","protected":false},"author":3,"featured_media":0,"parent":0,"menu_order":0,"comment_status":"closed","ping_status":"closed","template":"","meta":[],"_links":{"self":[{"href":"https:\/\/www.mdminteriorismo.es\/oldweb\/wp-json\/wp\/v2\/pages\/3472"}],"collection":[{"href":"https:\/\/www.mdminteriorismo.es\/oldweb\/wp-json\/wp\/v2\/pages"}],"about":[{"href":"https:\/\/www.mdminteriorismo.es\/oldweb\/wp-json\/wp\/v2\/types\/page"}],"author":[{"embeddable":true,"href":"https:\/\/www.mdminteriorismo.es\/oldweb\/wp-json\/wp\/v2\/users\/3"}],"replies":[{"embeddable":true,"href":"https:\/\/www.mdminteriorismo.es\/oldweb\/wp-json\/wp\/v2\/comments?post=3472"}],"version-history":[{"count":0,"href":"https:\/\/www.mdminteriorismo.es\/oldweb\/wp-json\/wp\/v2\/pages\/3472\/revisions"}],"wp:attachment":[{"href":"https:\/\/www.mdminteriorismo.es\/oldweb\/wp-json\/wp\/v2\/media?parent=3472"}],"curies":[{"name":"wp","href":"https:\/\/api.w.org\/{rel}","templated":true}]}}