
{"id":11238,"date":"2016-11-16T16:13:33","date_gmt":"2016-11-16T15:13:33","guid":{"rendered":"https:\/\/www.mdminteriorismo.es\/oldweb\/?page_id=11238"},"modified":"2023-09-20T23:47:01","modified_gmt":"2023-09-20T21:47:01","slug":"reformas-banos","status":"publish","type":"page","link":"https:\/\/www.mdminteriorismo.es\/oldweb\/reformas-banos\/","title":{"rendered":"Reformas de Ba\u00f1os en Valencia"},"content":{"rendered":"<section class=\"wpb-content-wrapper\"><p>[vc_row][vc_column]\r\n        <header class=\"tz-header  tz-header-type-2\">\r\n                            <div class=\"tz-headerTop\">\r\n                    <div class=\"container\">\r\n                        <div class=\"tz-headerTop-box\">\r\n                            <div class=\"tz-headerLeft pull-left\">\r\n\r\n                                <div class=\"tzheader_support\">\r\n                                                                            <div class=\"tzheader_wpml\">\r\n                                                                                            <div id=\"lang_sel\">\r\n                                                    <ul>\r\n                                                        <li>\r\n                                                            <a class=\"lang_sel_sel icl-en\" href=\"#\">\r\n                                                                <i class=\"fa fa-globe\"><\/i>Choose Your Languages                                                            <\/a>\r\n                                                            <ul>\r\n                                                                <li class=\"icl-vi\">\r\n                                                                    <a href=\"#\">\r\n                                                                        <img width=\"18\" height=\"12\" alt=\"ru\"\r\n                                                                             src=\"http:\/\/d2salfytceyqoe.cloudfront.net\/wp-content\/plugins\/wpml\/res\/flags\/vn.png\"\/>\r\n                                                                        Viet Nam                                                                    <\/a>\r\n                                                                    <a href=\"#\">\r\n                                                                        <img width=\"18\" height=\"12\" alt=\"en\"\r\n                                                                             src=\"http:\/\/d2salfytceyqoe.cloudfront.net\/wp-content\/plugins\/wpml\/res\/flags\/en.png\"\/>\r\n                                                                        English                                                                    <\/a>\r\n                                                                <\/li>\r\n                                                            <\/ul>\r\n                                                        <\/li>\r\n                                                    <\/ul>\r\n                                                <\/div>\r\n                                                                                        <\/div>\r\n                                                                            \r\n                                    \r\n                                                                                                                                                \r\n                                <\/div>\r\n                            <\/div>\r\n                            <div class=\"tz-headerRight pull-right\">\r\n                                <ul class=\"tzheader_social\">\r\n                                                                                                                                                                                                                                                                                                                                                                                                                                            <\/ul>\r\n                            <\/div>\r\n                        <\/div>\r\n                    <\/div><!--end class container-->\r\n                <\/div>\r\n                                        \r\n            <div class=\"tz-headerBottom tz-max-mega-menu\">\r\n\r\n                                <div class=\"container\">\r\n                    \r\n                                                                                <a class=\"pull-left tz_logo\" href=\"https:\/\/www.mdminteriorismo.es\/oldweb\"\r\n                                   title=\"MDM Interiorismo\"  >\r\n                                    <img class=\"logo_lager\" width =\"220\" height =\"70\" src=\"https:\/\/www.mdminteriorismo.es\/oldweb\/wp-content\/uploads\/2018\/11\/mdm-interiorismo-logo-nuevo-rojo.png\" alt=\"MDM Interiorismo\" \/>                                <\/a>\r\n                                                        \r\n                                                                                                                <div class=\"tz-header-cart pull-right\">\r\n                                                <span aria-hidden=\"true\" class=\"icon_cart_alt\"><\/span>\r\n                                                <div class=\"widget woocommerce widget_shopping_cart\"><h2 class=\"widgettitle\">Cart<\/h2><div class=\"widget_shopping_cart_content\"><\/div><\/div>                                            <\/div>\r\n                                                                                \r\n                                                                                            <div class=\"tz-header-search pull-right\">\r\n                                    <span aria-hidden='true' class='icon_search tz_icon_search'><\/span>\r\n                                    <span aria-hidden='true' class='icon_close tz_icon_close'><\/span>\r\n                                    <div class=\"tz-header-search-form\">\r\n                                            <form method=\"get\" class=\"searchform\" action=\"https:\/\/www.mdminteriorismo.es\/oldweb\/\">\n        <label class=\"icon-search\">&nbsp;<\/label>\n        <label class=\"assistive-text assistive-tzsearch\">Search<\/label>\n        <input type=\"text\" class=\"field Tzsearchform inputbox search-query\" name=\"s\" placeholder=\"Search...\" \/>\n        <input type=\"submit\" class=\"submit searchsubmit\" name=\"submit\" value=\"Search\" \/>\n        <span aria-hidden='true' class='icon_search'><\/span>\n    <\/form>\n                                    <\/div>\r\n                                <\/div>\r\n                                                                                    <button type=\"button\" class=\"navbar-toggle collapsed\" data-toggle=\"collapse\"\r\n                                    data-target=\"#tz-navbar-collapse\">\r\n                                <i class=\"fa fa-bars\"><\/i>\r\n                            <\/button>\r\n                            <nav class=\"pull-right \">\r\n                                <nav id=\"mega-menu-wrap-primary\" class=\"mega-menu-wrap\"><div class=\"mega-menu-toggle\"><div class=\"mega-toggle-blocks-left\"><\/div><div class=\"mega-toggle-blocks-center\"><\/div><div class=\"mega-toggle-blocks-right\"><div class='mega-toggle-block mega-menu-toggle-block mega-toggle-block-1' id='mega-toggle-block-1' tabindex='0'><span class='mega-toggle-label' role='button' aria-expanded='false'><span class='mega-toggle-label-closed'>MENU<\/span><span class='mega-toggle-label-open'>MENU<\/span><\/span><\/div><\/div><\/div><ul id=\"mega-menu-primary\" class=\"mega-menu max-mega-menu mega-menu-horizontal mega-no-js\" data-event=\"hover_intent\" data-effect=\"disabled\" data-effect-speed=\"200\" data-effect-mobile=\"disabled\" data-effect-speed-mobile=\"0\" data-mobile-force-width=\"false\" data-second-click=\"go\" data-document-click=\"collapse\" data-vertical-behaviour=\"standard\" data-breakpoint=\"600\" data-unbind=\"true\" data-mobile-state=\"collapse_all\" data-hover-intent-timeout=\"300\" data-hover-intent-interval=\"100\"><li class='mega-menu-item mega-menu-item-type-post_type mega-menu-item-object-page mega-align-bottom-left mega-menu-flyout mega-menu-item-12897' id='mega-menu-item-12897'><a class=\"mega-menu-link\" href=\"https:\/\/www.mdminteriorismo.es\/oldweb\/sobre-nosotros\/\" tabindex=\"0\">Nosotros<\/a><\/li><li class='mega-menu-item mega-menu-item-type-post_type mega-menu-item-object-page mega-menu-item-has-children mega-align-bottom-left mega-menu-flyout mega-menu-item-12895' id='mega-menu-item-12895'><a class=\"mega-menu-link\" href=\"https:\/\/www.mdminteriorismo.es\/oldweb\/tienda-de-muebles-en-valencia\/\" aria-haspopup=\"true\" aria-expanded=\"false\" tabindex=\"0\">Muebles<span class=\"mega-indicator\"><\/span><\/a>\n<ul class=\"mega-sub-menu\">\n<li class='mega-menu-item mega-menu-item-type-post_type mega-menu-item-object-page mega-menu-item-16412' id='mega-menu-item-16412'><a class=\"mega-menu-link\" href=\"https:\/\/www.mdminteriorismo.es\/oldweb\/banos\/\">Ba\u00f1os<\/a><\/li><li class='mega-menu-item mega-menu-item-type-post_type mega-menu-item-object-page mega-menu-item-16413' id='mega-menu-item-16413'><a class=\"mega-menu-link\" href=\"https:\/\/www.mdminteriorismo.es\/oldweb\/hogar\/\">Hogar<\/a><\/li><li class='mega-menu-item mega-menu-item-type-post_type mega-menu-item-object-page mega-menu-item-16414' id='mega-menu-item-16414'><a class=\"mega-menu-link\" href=\"https:\/\/www.mdminteriorismo.es\/oldweb\/tienda-de-cocinas-en-valencia\/\">Cocinas<\/a><\/li><\/ul>\n<\/li><li class='mega-menu-item mega-menu-item-type-post_type mega-menu-item-object-page mega-align-bottom-left mega-menu-flyout mega-menu-item-12898' id='mega-menu-item-12898'><a title=\" \" class=\"mega-menu-link\" href=\"https:\/\/www.mdminteriorismo.es\/oldweb\/proyectos\/\" tabindex=\"0\">Proyectos de Interiorismo<\/a><\/li><li class='mega-menu-item mega-menu-item-type-post_type mega-menu-item-object-page mega-align-bottom-left mega-menu-flyout mega-menu-item-12899' id='mega-menu-item-12899'><a class=\"mega-menu-link\" href=\"https:\/\/www.mdminteriorismo.es\/oldweb\/reformas\/\" tabindex=\"0\">Reformas<\/a><\/li><li class='mega-menu-item mega-menu-item-type-post_type mega-menu-item-object-page mega-menu-item-has-children mega-align-bottom-left mega-menu-flyout mega-menu-item-12905' id='mega-menu-item-12905'><a class=\"mega-menu-link\" href=\"https:\/\/www.mdminteriorismo.es\/oldweb\/contacto\/\" aria-haspopup=\"true\" aria-expanded=\"false\" tabindex=\"0\">Contacto<span class=\"mega-indicator\"><\/span><\/a>\n<ul class=\"mega-sub-menu\">\n<li class='mega-menu-item mega-menu-item-type-post_type mega-menu-item-object-page mega-current_page_parent mega-menu-item-18363' id='mega-menu-item-18363'><a class=\"mega-menu-link\" href=\"https:\/\/www.mdminteriorismo.es\/oldweb\/blog\/\">Blog<\/a><\/li><\/ul>\n<\/li><li class='mega-menu-item mega-menu-item-type-post_type mega-menu-item-object-page mega-align-bottom-left mega-menu-flyout mega-menu-item-17566' id='mega-menu-item-17566'><a class=\"mega-menu-link\" href=\"https:\/\/www.mdminteriorismo.es\/oldweb\/financiacion-mdm\/\" tabindex=\"0\">Financiaci\u00f3n<\/a><\/li><li class='mega-menu-item mega-menu-item-type-post_type mega-menu-item-object-page mega-align-bottom-left mega-menu-flyout mega-menu-item-23870' id='mega-menu-item-23870'><a class=\"mega-menu-link\" href=\"https:\/\/www.mdminteriorismo.es\/oldweb\/tienda-online-2\/\" tabindex=\"0\">Tienda online<\/a><\/li><li class=\"mega-menu-item mega-menu-item-type-post_type mega-menu-item-object-page mega-align-bottom-left mega-menu-flyout wpmenucartli wpmenucart-display-standard menu-item\" id=\"wpmenucartli\"><a class=\"wpmenucart-contents empty-wpmenucart-visible\" href=\"https:\/\/www.mdminteriorismo.es\/oldweb\/tienda-online\/\" title=\"Empezar a comprar\"><i class=\"wpmenucart-icon-shopping-cart-0\" role=\"img\" aria-label=\"Carrito\"><\/i><span class=\"amount\">0,00&euro;<\/span><\/a><\/li><\/ul><\/nav>                            <\/nav>\r\n                            \r\n                                                                <\/div><!--end class container-->\r\n            \r\n                                \r\n            <\/div>\r\n\r\n            \r\n        <\/header>\r\n                    <div class=\"tz-header  tz-header-type-2 scroll\">\r\n                <div class=\"tz-headerBottom tz-max-mega-menu\">\r\n                                        <div class=\"container\">\r\n                        \r\n                                                                                            <a class=\"pull-left tz_logo\" href=\"https:\/\/www.mdminteriorismo.es\/oldweb\"\r\n                                       title=\"MDM Interiorismo\" >\r\n                                        <img class=\"logo_lager\" width =\"220\" height =\"70\" src=\"https:\/\/www.mdminteriorismo.es\/oldweb\/wp-content\/uploads\/2018\/11\/mdm-interiorismo-logo-nuevo-rojo.png\" alt=\"MDM Interiorismo\" \/>                                    <\/a>\r\n                                                                \r\n                                                                                                                                                <div class=\"tz-header-cart pull-right\">\r\n                                            <span aria-hidden=\"true\" class=\"icon_cart_alt\"><\/span>\r\n                                            <div class=\"widget woocommerce widget_shopping_cart\"><h2 class=\"widgettitle\">Cart<\/h2><div class=\"widget_shopping_cart_content\"><\/div><\/div>                                        <\/div>\r\n                                                                                                                                                                                <div class=\"tz-header-search pull-right\">\r\n                                            <span aria-hidden='true' class='icon_search tz_icon_search'><\/span>\r\n                                            <span aria-hidden='true' class='icon_close tz_icon_close'><\/span>\r\n                                            <div class=\"tz-header-search-form\">\r\n                                                    <form method=\"get\" class=\"searchform\" action=\"https:\/\/www.mdminteriorismo.es\/oldweb\/\">\n        <label class=\"icon-search\">&nbsp;<\/label>\n        <label class=\"assistive-text assistive-tzsearch\">Search<\/label>\n        <input type=\"text\" class=\"field Tzsearchform inputbox search-query\" name=\"s\" placeholder=\"Search...\" \/>\n        <input type=\"submit\" class=\"submit searchsubmit\" name=\"submit\" value=\"Search\" \/>\n        <span aria-hidden='true' class='icon_search'><\/span>\n    <\/form>\n                                            <\/div>\r\n                                        <\/div>\r\n                                                                                                    <button type=\"button\" class=\"navbar-toggle collapsed\" data-toggle=\"collapse\"\r\n                                        data-target=\"#tz-navbar-collapse\">\r\n                                    <i class=\"fa fa-bars\"><\/i>\r\n                                <\/button>\r\n                                <nav class=\"pull-right \">\r\n                                    <nav id=\"mega-menu-wrap-primary\" class=\"mega-menu-wrap\"><div class=\"mega-menu-toggle\"><div class=\"mega-toggle-blocks-left\"><\/div><div class=\"mega-toggle-blocks-center\"><\/div><div class=\"mega-toggle-blocks-right\"><div class='mega-toggle-block mega-menu-toggle-block mega-toggle-block-1' id='mega-toggle-block-1' tabindex='0'><span class='mega-toggle-label' role='button' aria-expanded='false'><span class='mega-toggle-label-closed'>MENU<\/span><span class='mega-toggle-label-open'>MENU<\/span><\/span><\/div><\/div><\/div><ul id=\"mega-menu-primary\" class=\"mega-menu max-mega-menu mega-menu-horizontal mega-no-js\" data-event=\"hover_intent\" data-effect=\"disabled\" data-effect-speed=\"200\" data-effect-mobile=\"disabled\" data-effect-speed-mobile=\"0\" data-mobile-force-width=\"false\" data-second-click=\"go\" data-document-click=\"collapse\" data-vertical-behaviour=\"standard\" data-breakpoint=\"600\" data-unbind=\"true\" data-mobile-state=\"collapse_all\" data-hover-intent-timeout=\"300\" data-hover-intent-interval=\"100\"><li class='mega-menu-item mega-menu-item-type-post_type mega-menu-item-object-page mega-align-bottom-left mega-menu-flyout mega-menu-item-12897' id='mega-menu-item-12897'><a class=\"mega-menu-link\" href=\"https:\/\/www.mdminteriorismo.es\/oldweb\/sobre-nosotros\/\" tabindex=\"0\">Nosotros<\/a><\/li><li class='mega-menu-item mega-menu-item-type-post_type mega-menu-item-object-page mega-menu-item-has-children mega-align-bottom-left mega-menu-flyout mega-menu-item-12895' id='mega-menu-item-12895'><a class=\"mega-menu-link\" href=\"https:\/\/www.mdminteriorismo.es\/oldweb\/tienda-de-muebles-en-valencia\/\" aria-haspopup=\"true\" aria-expanded=\"false\" tabindex=\"0\">Muebles<span class=\"mega-indicator\"><\/span><\/a>\n<ul class=\"mega-sub-menu\">\n<li class='mega-menu-item mega-menu-item-type-post_type mega-menu-item-object-page mega-menu-item-16412' id='mega-menu-item-16412'><a class=\"mega-menu-link\" href=\"https:\/\/www.mdminteriorismo.es\/oldweb\/banos\/\">Ba\u00f1os<\/a><\/li><li class='mega-menu-item mega-menu-item-type-post_type mega-menu-item-object-page mega-menu-item-16413' id='mega-menu-item-16413'><a class=\"mega-menu-link\" href=\"https:\/\/www.mdminteriorismo.es\/oldweb\/hogar\/\">Hogar<\/a><\/li><li class='mega-menu-item mega-menu-item-type-post_type mega-menu-item-object-page mega-menu-item-16414' id='mega-menu-item-16414'><a class=\"mega-menu-link\" href=\"https:\/\/www.mdminteriorismo.es\/oldweb\/tienda-de-cocinas-en-valencia\/\">Cocinas<\/a><\/li><\/ul>\n<\/li><li class='mega-menu-item mega-menu-item-type-post_type mega-menu-item-object-page mega-align-bottom-left mega-menu-flyout mega-menu-item-12898' id='mega-menu-item-12898'><a title=\" \" class=\"mega-menu-link\" href=\"https:\/\/www.mdminteriorismo.es\/oldweb\/proyectos\/\" tabindex=\"0\">Proyectos de Interiorismo<\/a><\/li><li class='mega-menu-item mega-menu-item-type-post_type mega-menu-item-object-page mega-align-bottom-left mega-menu-flyout mega-menu-item-12899' id='mega-menu-item-12899'><a class=\"mega-menu-link\" href=\"https:\/\/www.mdminteriorismo.es\/oldweb\/reformas\/\" tabindex=\"0\">Reformas<\/a><\/li><li class='mega-menu-item mega-menu-item-type-post_type mega-menu-item-object-page mega-menu-item-has-children mega-align-bottom-left mega-menu-flyout mega-menu-item-12905' id='mega-menu-item-12905'><a class=\"mega-menu-link\" href=\"https:\/\/www.mdminteriorismo.es\/oldweb\/contacto\/\" aria-haspopup=\"true\" aria-expanded=\"false\" tabindex=\"0\">Contacto<span class=\"mega-indicator\"><\/span><\/a>\n<ul class=\"mega-sub-menu\">\n<li class='mega-menu-item mega-menu-item-type-post_type mega-menu-item-object-page mega-current_page_parent mega-menu-item-18363' id='mega-menu-item-18363'><a class=\"mega-menu-link\" href=\"https:\/\/www.mdminteriorismo.es\/oldweb\/blog\/\">Blog<\/a><\/li><\/ul>\n<\/li><li class='mega-menu-item mega-menu-item-type-post_type mega-menu-item-object-page mega-align-bottom-left mega-menu-flyout mega-menu-item-17566' id='mega-menu-item-17566'><a class=\"mega-menu-link\" href=\"https:\/\/www.mdminteriorismo.es\/oldweb\/financiacion-mdm\/\" tabindex=\"0\">Financiaci\u00f3n<\/a><\/li><li class='mega-menu-item mega-menu-item-type-post_type mega-menu-item-object-page mega-align-bottom-left mega-menu-flyout mega-menu-item-23870' id='mega-menu-item-23870'><a class=\"mega-menu-link\" href=\"https:\/\/www.mdminteriorismo.es\/oldweb\/tienda-online-2\/\" tabindex=\"0\">Tienda online<\/a><\/li><li class=\"mega-menu-item mega-menu-item-type-post_type mega-menu-item-object-page mega-align-bottom-left mega-menu-flyout wpmenucartli wpmenucart-display-standard menu-item\" id=\"wpmenucartli\"><a class=\"wpmenucart-contents empty-wpmenucart-visible\" href=\"https:\/\/www.mdminteriorismo.es\/oldweb\/tienda-online\/\" title=\"Empezar a comprar\"><i class=\"wpmenucart-icon-shopping-cart-0\" role=\"img\" aria-label=\"Carrito\"><\/i><span class=\"amount\">0,00&euro;<\/span><\/a><\/li><\/ul><\/nav>                                <\/nav>\r\n                                \r\n                                                                            <\/div><!--end class container-->\r\n                                                                        <\/div>\r\n            <\/div>\r\n            \r\n        \r\n    [\/vc_column][\/vc_row][vc_row tz_row_type=&#8221;grid&#8221;][vc_column][vc_empty_space height=&#8221;50px&#8221;][vc_custom_heading text=&#8221;Reformas de Ba\u00f1os en Valencia&#8221; font_container=&#8221;tag:h1|font_size:25|text_align:center|color:%23222222&#8243; use_theme_fonts=&#8221;yes&#8221;][vc_empty_space height=&#8221;50&#8243;][vc_custom_heading text=&#8221;SERVICIOS Y PROFESIONALIDAD EN LAS REFORMAS DE SU HOGAR&#8221; font_container=&#8221;tag:h2|font_size:20|text_align:center|color:%23983c4b&#8221; use_theme_fonts=&#8221;yes&#8221;][\/vc_column][\/vc_row][vc_row][vc_column][vc_empty_space height=&#8221;40&#8243;][\/vc_column][\/vc_row][vc_row tz_row_type=&#8221;grid&#8221;][vc_column width=&#8221;1\/2&#8243;][vc_empty_space height=&#8221;5px&#8221;][vc_custom_heading text=&#8221;EMPRESA DE REFORMAS&#8221; font_container=&#8221;tag:h2|font_size:20|text_align:left|color:%23222222|line_height:1&#8243; use_theme_fonts=&#8221;yes&#8221;][vc_column_text]<\/p>\n<p style=\"text-align: left;\"><a href=\"https:\/\/www.mdminteriorismo.es\/oldweb\/\">MDM Interiorismo<\/a> es una empresa que cuenta con los mejores especialistas en todo tipo de reformas: <a href=\"https:\/\/www.mdminteriorismo.es\/oldweb\/reformas-integrales\/\">reformas integrales<\/a> o parciales, <a href=\"https:\/\/www.mdminteriorismo.es\/oldweb\/reformas-banos\/\">reformas de ba\u00f1os<\/a>, <a href=\"https:\/\/www.mdminteriorismo.es\/oldweb\/reformas-cocina\/\">reformas de cocinas<\/a>\u00a0o cualquier estancia de una vivienda). No en vano, a nuestras espaldas contamos con 30 a\u00f1os de experiencia en el sector de las reformas en Valencia: Un servicio integral para el que empleamos siempre, y en cada caso, materiales de primera calidad y las t\u00e9cnicas m\u00e1s avanzadas.<\/p>\n<div style=\"color: black; text-align: center; line-height: 0,1px;\"><span style=\"font-size: 00px;\">reformas de ba\u00f1os en valencia, muebles de ba\u00f1o en valencia, muebles de cocina, tienda de cocinas en valencia, muebles de cocina en valencia, reformas de cocinas en valencia, cocinas dise\u00f1o valencia, proyectos cocinas, muebles de dise\u00f1o, muebles dise\u00f1o online, venta muebles de dise\u00f1o, reformas integrales, interiorismo, dise\u00f1o de interiores, decoracion, rehabilitacion de viviendas, rehabilitacioin de espacios, proyectos de interiorismo, cocinas, ba\u00f1os, dormitorios, dormitorios juveniles, muebles juveniles, interior design, reforma de ba\u00f1o, reforma de cocina<\/span><\/div>\n<p>[\/vc_column_text][\/vc_column][vc_column width=&#8221;1\/2&#8243;][vc_single_image image=&#8221;13493&#8243; img_size=&#8221;550&#215;250&#8243;][\/vc_column][\/vc_row][vc_row][vc_column][vc_empty_space height=&#8221;60px&#8221;][\/vc_column][\/vc_row][vc_row tz_row_type=&#8221;grid&#8221;][vc_column width=&#8221;1\/2&#8243;][vc_single_image image=&#8221;13495&#8243; img_size=&#8221;550&#215;250&#8243;][\/vc_column][vc_column width=&#8221;1\/2&#8243;][vc_empty_space height=&#8221;5px&#8221;][vc_custom_heading text=&#8221;REFORMAS PERSONALIZADAS&#8221; font_container=&#8221;tag:h2|font_size:20|text_align:left|color:%23222222|line_height:1&#8243; use_theme_fonts=&#8221;yes&#8221;][vc_column_text]<\/p>\n<p style=\"text-align: left;\">En una reforma de ba\u00f1o es <strong>imprescindible realizar un estudio previo y pormenorizado de su cuarto de ba\u00f1o<\/strong>. En la planificaci\u00f3n de la obra podremos abordar varios frentes, en funci\u00f3n de las necesidades de nuestros clientes: la modificaci\u00f3n de la propia superficie, la divisi\u00f3n exacta del espacio, la redistribuci\u00f3n de los sanitarios, renovaci\u00f3n de tuber\u00edas si es oportuno, cambiar ducha, mampara, as\u00ed como el redise\u00f1o de la iluminaci\u00f3n del cuarto de ba\u00f1o y la sustituci\u00f3n de la ventilaci\u00f3n y calefacci\u00f3n por una m\u00e1s actual y eficiente.<\/p>\n<p>[\/vc_column_text][\/vc_column][\/vc_row][vc_row][vc_column][vc_empty_space height=&#8221;60px&#8221;][\/vc_column][\/vc_row][vc_row tz_row_type=&#8221;grid&#8221;][vc_column width=&#8221;1\/2&#8243;][vc_empty_space height=&#8221;5px&#8221;][vc_custom_heading text=&#8221;PROFESIONALES EN REFORMAS&#8221; font_container=&#8221;tag:h2|font_size:20|text_align:left|color:%23222222|line_height:1&#8243; use_theme_fonts=&#8221;yes&#8221;][vc_column_text]<\/p>\n<p style=\"text-align: left;\">Acto seguido -y siempre bajo consentimiento de nuestros clientes- comenzamos los trabajos que nos llevar\u00e1n a hacer realidad los cambios estructurales del cuarto de ba\u00f1o (tirar alg\u00fan tabique o modificar la distribuci\u00f3n de los elementos). A continuaci\u00f3n, preparamos techo y paredes para instalar los nuevos elementos y colocar los revestimientos tanto en las paredes como en los suelos. Procederemos, por supuesto, a realizar todas las medidas oportunas y preventivas para su seguridad y la de su vivienda. De este modo, evitamos cualquier da\u00f1o posterior en la obra para reformar el ba\u00f1o, garantizando que nuestros clientes quedar\u00e1n contentos con el resultado.<\/p>\n<p>[\/vc_column_text][\/vc_column][vc_column width=&#8221;1\/2&#8243;][vc_single_image image=&#8221;13496&#8243; img_size=&#8221;550&#215;250&#8243;][\/vc_column][\/vc_row][vc_row][vc_column][vc_empty_space height=&#8221;60px&#8221;][\/vc_column][\/vc_row][vc_row tz_row_type=&#8221;grid&#8221;][vc_column width=&#8221;1\/2&#8243;][vc_single_image image=&#8221;13497&#8243; img_size=&#8221;550&#215;250&#8243;][\/vc_column][vc_column width=&#8221;1\/2&#8243;][vc_empty_space height=&#8221;5px&#8221;][vc_custom_heading text=&#8221;CAMBIO DE BA\u00d1ERA POR PLATO DE DUCHA&#8221; font_container=&#8221;tag:h2|font_size:20|text_align:left|color:%23222222|line_height:1&#8243; use_theme_fonts=&#8221;yes&#8221;][vc_column_text]<\/p>\n<p style=\"text-align: left;\">\u00bfTe est\u00e1s planteando cambiar ba\u00f1era por ducha? \u00bfO quiz\u00e1s te has cansado de tu vieja ducha y prefieres una m\u00e1s nueva y m\u00e1s c\u00f3moda? En <a href=\"https:\/\/www.mdminteriorismo.es\/oldweb\/\">MDM Interiorismo<\/a> nos encargamos de cambiar el plato de la ducha y la mampara sin quitar azulejos del suelo, de la forma m\u00e1s r\u00e1pida y efectiva. Ofrecemos un servicio de reformas parciales del cuarto de ba\u00f1o que se adapta siempre a lo que buscas.<\/p>\n<p>[\/vc_column_text][\/vc_column][\/vc_row][vc_row][vc_column][vc_empty_space height=&#8221;60px&#8221;][\/vc_column][\/vc_row][vc_row tz_row_type=&#8221;grid&#8221;][vc_column width=&#8221;1\/2&#8243;][vc_empty_space height=&#8221;5px&#8221;][vc_custom_heading text=&#8221;PROFESIONALES EN REFORMAS&#8221; font_container=&#8221;tag:h2|font_size:20|text_align:left|color:%23222222|line_height:1&#8243; use_theme_fonts=&#8221;yes&#8221;][vc_column_text]<\/p>\n<p style=\"text-align: left;\">En MDM Interiorismo te ofrecemos la mejor calidad al mejor precio posible. \u00bfNecesitas un presupuesto para tu reforma? Nuestro equipo de profesionales en te ofrecer\u00e1 el asesoramiento oportuno para el proyecto de reforma de tu cuarto de ba\u00f1o. Puedes <a href=\"https:\/\/www.mdminteriorismo.es\/oldweb\/contacto\/\">contactar con nosotros<\/a> v\u00eda telef\u00f3nica, a trav\u00e9s del e-mail o visitarnos en nuestra tienda situada en la Avenida Padre Carlos Ferris, 95, de Albal (Valencia), y uno de nuestros especialistas se encargar\u00e1 de ofrecerte toda la informaci\u00f3n necesaria para emprender la reforma.<\/p>\n<p>[\/vc_column_text][\/vc_column][vc_column width=&#8221;1\/2&#8243;][vc_single_image image=&#8221;13498&#8243; img_size=&#8221;550&#215;250&#8243;][\/vc_column][\/vc_row][vc_row tz_row_type=&#8221;grid&#8221;][vc_column][vc_empty_space height=&#8221;50px&#8221;][vc_custom_heading text=&#8221;TU PRESUPUESTO DE REFORMA DE BA\u00d1O GRATIS&#8221; font_container=&#8221;tag:h2|font_size:25|text_align:center|color:%23983c4b&#8221; use_theme_fonts=&#8221;yes&#8221;][vc_column_text]<\/p>\n<p style=\"text-align: left;\">\u00bfEst\u00e1s pensando en reformar tu ba\u00f1o? No lo dudes y solicita ya tu presupuesto gratis sin compromiso. Estaremos encantados de escucharte y de ofrecerte una propuesta de reforma de ba\u00f1o personalizada que se adapte a ti y a tus necesidades.<\/p>\n<p>[\/vc_column_text][\/vc_column][\/vc_row][vc_row][vc_column][vc_empty_space height=&#8221;60px&#8221;][\/vc_column][\/vc_row][vc_row css=&#8221;.vc_custom_1547662533106{background-color: #f4f5f6 !important;}&#8221;][vc_column][vc_empty_space height=&#8221;50px&#8221;][vc_custom_heading text=&#8221;\u00a1Solicita ya tu presupuesto sin compromiso!&#8221; font_container=&#8221;tag:h2|font_size:25|text_align:center|color:%23222222&#8243; use_theme_fonts=&#8221;yes&#8221;][vc_empty_space height=&#8221;50px&#8221;][\/vc_column][\/vc_row][vc_row tz_row_type=&#8221;grid&#8221;][vc_column][vc_empty_space height=&#8221;50px&#8221;]<div class=\"wpcf7 no-js\" id=\"wpcf7-f12750-o1\" lang=\"es-ES\" dir=\"ltr\">\n<div class=\"screen-reader-response\"><p role=\"status\" aria-live=\"polite\" aria-atomic=\"true\"><\/p> <ul><\/ul><\/div>\n<form action=\"\/oldweb\/wp-json\/wp\/v2\/pages\/11238#wpcf7-f12750-o1\" method=\"post\" class=\"wpcf7-form init\" aria-label=\"Formulario de contacto\" novalidate=\"novalidate\" data-status=\"init\">\n<div style=\"display: none;\">\n<input type=\"hidden\" name=\"_wpcf7\" value=\"12750\" \/>\n<input type=\"hidden\" name=\"_wpcf7_version\" value=\"5.7.2\" \/>\n<input type=\"hidden\" name=\"_wpcf7_locale\" value=\"es_ES\" \/>\n<input type=\"hidden\" name=\"_wpcf7_unit_tag\" value=\"wpcf7-f12750-o1\" \/>\n<input type=\"hidden\" name=\"_wpcf7_container_post\" value=\"0\" \/>\n<input type=\"hidden\" name=\"_wpcf7_posted_data_hash\" value=\"\" \/>\n<\/div>\n<div id=\"responsive-form\" class=\"clearfix\">\n\t<div class=\"form-row\">\n\t\t<div class=\"column-half\">\n\t\t\t<p>Nombre <span class=\"wpcf7-form-control-wrap\" data-name=\"first-name\"><input size=\"40\" class=\"wpcf7-form-control wpcf7-text wpcf7-validates-as-required\" aria-required=\"true\" aria-invalid=\"false\" value=\"\" type=\"text\" name=\"first-name\" \/><\/span>\n\t\t\t<\/p>\n\t\t<\/div>\n\t\t<div class=\"column-half\">\n\t\t\t<p>Apellido <span class=\"wpcf7-form-control-wrap\" data-name=\"last-name\"><input size=\"40\" class=\"wpcf7-form-control wpcf7-text wpcf7-validates-as-required\" aria-required=\"true\" aria-invalid=\"false\" value=\"\" type=\"text\" name=\"last-name\" \/><\/span>\n\t\t\t<\/p>\n\t\t<\/div>\n\t<\/div>\n\t<div class=\"form-row\">\n\t\t<div class=\"column-half\">\n\t\t\t<p>Email <span class=\"wpcf7-form-control-wrap\" data-name=\"your-email\"><input size=\"40\" class=\"wpcf7-form-control wpcf7-text wpcf7-email wpcf7-validates-as-required wpcf7-validates-as-email\" aria-required=\"true\" aria-invalid=\"false\" value=\"\" type=\"email\" name=\"your-email\" \/><\/span>\n\t\t\t<\/p>\n\t\t<\/div>\n\t\t<div class=\"column-half\">\n\t\t\t<p>Telefono <span class=\"wpcf7-form-control-wrap\" data-name=\"your-phone\"><input size=\"40\" class=\"wpcf7-form-control wpcf7-text wpcf7-validates-as-required\" aria-required=\"true\" aria-invalid=\"false\" value=\"\" type=\"text\" name=\"your-phone\" \/><\/span>\n\t\t\t<\/p>\n\t\t<\/div>\n\t<\/div>\n\t<div class=\"form-row\">\n\t\t<div class=\"column-full\">\n\t\t\t<p>\u00bfQu\u00e9 trabajo deseas realizar? <span class=\"wpcf7-form-control-wrap\" data-name=\"TipodeTrabajo\"><select class=\"wpcf7-form-control wpcf7-select wpcf7-validates-as-required pedirpresupuesto\" id=\"pedirpresupuesto\" aria-required=\"true\" aria-invalid=\"false\" name=\"TipodeTrabajo\"><option value=\"Reforma de Ba\u00f1o\">Reforma de Ba\u00f1o<\/option><option value=\"Reforma de Cocina\">Reforma de Cocina<\/option><option value=\"Reforma de Dormitorio\">Reforma de Dormitorio<\/option><option value=\"Reforma Integral\">Reforma Integral<\/option><\/select><\/span>\n\t\t\t<\/p>\n\t\t<\/div>\n\t<\/div>\n\t<div class=\"form-row\">\n\t\t<div class=\"column-full\">\n\t\t\t<p>Mensaje <span class=\"wpcf7-form-control-wrap\" data-name=\"your-message\"><textarea cols=\"40\" rows=\"10\" class=\"wpcf7-form-control wpcf7-textarea\" aria-invalid=\"false\" name=\"your-message\"><\/textarea><\/span>\n\t\t\t<\/p>\n\t\t<\/div>\n\t<\/div>\n\t<div class=\"form-row\">\n\t\t<div class=\"column-full\">\n\t\t\t<p><span class=\"wpcf7-form-control-wrap\" data-name=\"acceptance-686\"><span class=\"wpcf7-form-control wpcf7-acceptance\"><span class=\"wpcf7-list-item\"><label><input type=\"checkbox\" name=\"acceptance-686\" value=\"1\" aria-invalid=\"false\" \/><span class=\"wpcf7-list-item-label\">Acepto los <a href=\"https:\/\/www.mdminteriorismo.es\/oldweb\/aviso-legal\/\" target=\"_blank\">t\u00e9rminos, condiciones<\/a> y <a href=\"https:\/\/www.mdminteriorismo.es\/oldweb\/politica-de-privacidad\/\" target=\"_blank\">pol\u00edtica de privacidad<\/a> de la p\u00e1gina web.<\/span><\/label><\/span><\/span><\/span>\n\t\t\t<\/p>\n\t\t<\/div>\n\t<\/div>\n\t<div class=\"form-row\">\n\t\t<div class=\"column-full\">\n\t\t\t<p><input class=\"wpcf7-form-control has-spinner wpcf7-submit\" type=\"submit\" value=\"Enviar\" \/>\n\t\t\t<\/p>\n\t\t<\/div>\n\t<\/div>\n<\/div><!--end responsive-form--><p style=\"display: none !important;\"><label>&#916;<textarea name=\"_wpcf7_ak_hp_textarea\" cols=\"45\" rows=\"8\" maxlength=\"100\"><\/textarea><\/label><input type=\"hidden\" id=\"ak_js_1\" name=\"_wpcf7_ak_js\" value=\"20\"\/><script>document.getElementById( \"ak_js_1\" ).setAttribute( \"value\", ( new Date() ).getTime() );<\/script><\/p><div class=\"wpcf7-response-output\" aria-hidden=\"true\"><\/div><\/form><\/div>[vc_empty_space height=&#8221;50px&#8221;][\/vc_column][\/vc_row]<\/p>\n<\/section>","protected":false},"excerpt":{"rendered":"<p>[vc_row][vc_column][\/vc_column][\/vc_row][vc_row tz_row_type=&#8221;grid&#8221;][vc_column][vc_empty_space height=&#8221;50px&#8221;][vc_custom_heading text=&#8221;Reformas de Ba\u00f1os en Valencia&#8221; font_container=&#8221;tag:h1|font_size:25|text_align:center|color:%23222222&#8243; use_theme_fonts=&#8221;yes&#8221;][vc_empty_space height=&#8221;50&#8243;][vc_custom_heading text=&#8221;SERVICIOS Y PROFESIONALIDAD EN LAS REFORMAS DE SU HOGAR&#8221; <a class=\"tzreadmore simple-ajax-popup-align-top\" href=\"https:\/\/www.mdminteriorismo.es\/oldweb\/reformas-banos\/\">Read More<\/a><\/p>\n","protected":false},"author":3,"featured_media":0,"parent":0,"menu_order":0,"comment_status":"closed","ping_status":"closed","template":"template-homepage.php","meta":[],"_links":{"self":[{"href":"https:\/\/www.mdminteriorismo.es\/oldweb\/wp-json\/wp\/v2\/pages\/11238"}],"collection":[{"href":"https:\/\/www.mdminteriorismo.es\/oldweb\/wp-json\/wp\/v2\/pages"}],"about":[{"href":"https:\/\/www.mdminteriorismo.es\/oldweb\/wp-json\/wp\/v2\/types\/page"}],"author":[{"embeddable":true,"href":"https:\/\/www.mdminteriorismo.es\/oldweb\/wp-json\/wp\/v2\/users\/3"}],"replies":[{"embeddable":true,"href":"https:\/\/www.mdminteriorismo.es\/oldweb\/wp-json\/wp\/v2\/comments?post=11238"}],"version-history":[{"count":2,"href":"https:\/\/www.mdminteriorismo.es\/oldweb\/wp-json\/wp\/v2\/pages\/11238\/revisions"}],"predecessor-version":[{"id":24014,"href":"https:\/\/www.mdminteriorismo.es\/oldweb\/wp-json\/wp\/v2\/pages\/11238\/revisions\/24014"}],"wp:attachment":[{"href":"https:\/\/www.mdminteriorismo.es\/oldweb\/wp-json\/wp\/v2\/media?parent=11238"}],"curies":[{"name":"wp","href":"https:\/\/api.w.org\/{rel}","templated":true}]}}